{"id":1505,"date":"2024-05-02T13:42:10","date_gmt":"2024-05-02T13:42:10","guid":{"rendered":"https:\/\/sibu.cat\/?page_id=1505"},"modified":"2024-05-02T13:55:26","modified_gmt":"2024-05-02T13:55:26","slug":"avis-legal","status":"publish","type":"page","link":"https:\/\/sibu.cat\/index.php\/avis-legal\/","title":{"rendered":"Av\u00eds legal"},"content":{"rendered":"\t\t<div data-elementor-type=\"wp-page\" data-elementor-id=\"1505\" class=\"elementor elementor-1505\" data-elementor-post-type=\"page\">\n\t\t\t\t\t\t<section class=\"elementor-section elementor-top-section elementor-element elementor-element-d9144ea elementor-section-boxed elementor-section-height-default elementor-section-height-default\" data-id=\"d9144ea\" data-element_type=\"section\">\n\t\t\t\t\t\t<div class=\"elementor-container elementor-column-gap-default\">\n\t\t\t\t\t<div class=\"elementor-column elementor-col-100 elementor-top-column elementor-element elementor-element-4b7907c\" data-id=\"4b7907c\" data-element_type=\"column\">\n\t\t\t<div class=\"elementor-widget-wrap elementor-element-populated\">\n\t\t\t\t\t\t<div class=\"elementor-element elementor-element-bef0b70 elementor-widget elementor-widget-heading\" data-id=\"bef0b70\" data-element_type=\"widget\" data-widget_type=\"heading.default\">\n\t\t\t\t<div class=\"elementor-widget-container\">\n\t\t\t<h2 class=\"elementor-heading-title elementor-size-default\">AV\u00cdS LEGAL<\/h2>\t\t<\/div>\n\t\t\t\t<\/div>\n\t\t\t\t<div class=\"elementor-element elementor-element-4a4de57 elementor-widget elementor-widget-text-editor\" data-id=\"4a4de57\" data-element_type=\"widget\" data-widget_type=\"text-editor.default\">\n\t\t\t\t<div class=\"elementor-widget-container\">\n\t\t\t\t\t\t\t<p>Amb la finalitat d&#8217;acomplir a l\u2019article 10 de la Llei 34\/2002 de Serveis de la Societat de la Informaci\u00f3 i del Comer\u00e7 Electr\u00f2nic, informem els usuaris de les nostres dades:<\/p>\t\t\t\t\t\t<\/div>\n\t\t\t\t<\/div>\n\t\t\t\t<div class=\"elementor-element elementor-element-4c51b7d elementor-widget elementor-widget-text-editor\" data-id=\"4c51b7d\" data-element_type=\"widget\" data-widget_type=\"text-editor.default\">\n\t\t\t\t<div class=\"elementor-widget-container\">\n\t\t\t\t\t\t\t<p>Denominaci\u00f3 Social: SIBU GESTI\u00d3, S.L.<\/p>\t\t\t\t\t\t<\/div>\n\t\t\t\t<\/div>\n\t\t\t\t<div class=\"elementor-element elementor-element-4e92c5f elementor-widget elementor-widget-text-editor\" data-id=\"4e92c5f\" data-element_type=\"widget\" data-widget_type=\"text-editor.default\">\n\t\t\t\t<div class=\"elementor-widget-container\">\n\t\t\t\t\t\t\t<p>Denominaci\u00f3 Social: SIBU GESTI\u00d3, S.L.<\/p>\t\t\t\t\t\t<\/div>\n\t\t\t\t<\/div>\n\t\t\t\t<div class=\"elementor-element elementor-element-80fb5bc elementor-widget elementor-widget-text-editor\" data-id=\"80fb5bc\" data-element_type=\"widget\" data-widget_type=\"text-editor.default\">\n\t\t\t\t<div class=\"elementor-widget-container\">\n\t\t\t\t\t\t\t<p>NIF: B67013789<\/p>\t\t\t\t\t\t<\/div>\n\t\t\t\t<\/div>\n\t\t\t\t<div class=\"elementor-element elementor-element-e5ef383 elementor-widget elementor-widget-text-editor\" data-id=\"e5ef383\" data-element_type=\"widget\" data-widget_type=\"text-editor.default\">\n\t\t\t\t<div class=\"elementor-widget-container\">\n\t\t\t\t\t\t\t<p>Tel\u00e8fon: 686 48 58 26<\/p>\t\t\t\t\t\t<\/div>\n\t\t\t\t<\/div>\n\t\t\t\t<div class=\"elementor-element elementor-element-cfb53ba elementor-widget elementor-widget-text-editor\" data-id=\"cfb53ba\" data-element_type=\"widget\" data-widget_type=\"text-editor.default\">\n\t\t\t\t<div class=\"elementor-widget-container\">\n\t\t\t\t\t\t\t<p>E-Mail: INFO@SIBU.CAT<\/p>\t\t\t\t\t\t<\/div>\n\t\t\t\t<\/div>\n\t\t\t\t<div class=\"elementor-element elementor-element-282bcae elementor-widget elementor-widget-text-editor\" data-id=\"282bcae\" data-element_type=\"widget\" data-widget_type=\"text-editor.default\">\n\t\t\t\t<div class=\"elementor-widget-container\">\n\t\t\t\t\t\t\t<p>Lloc Web: WWW.SIBU.CAT<\/p>\t\t\t\t\t\t<\/div>\n\t\t\t\t<\/div>\n\t\t\t\t<div class=\"elementor-element elementor-element-dc96271 elementor-widget elementor-widget-text-editor\" data-id=\"dc96271\" data-element_type=\"widget\" data-widget_type=\"text-editor.default\">\n\t\t\t\t<div class=\"elementor-widget-container\">\n\t\t\t\t\t\t\t<p>Dades Registrals:<\/p>\t\t\t\t\t\t<\/div>\n\t\t\t\t<\/div>\n\t\t\t\t<div class=\"elementor-element elementor-element-b329988 elementor-widget elementor-widget-heading\" data-id=\"b329988\" data-element_type=\"widget\" data-widget_type=\"heading.default\">\n\t\t\t\t<div class=\"elementor-widget-container\">\n\t\t\t<h2 class=\"elementor-heading-title elementor-size-default\">1. OBJECTE<\/h2>\t\t<\/div>\n\t\t\t\t<\/div>\n\t\t\t\t<div class=\"elementor-element elementor-element-fb0eae0 elementor-widget elementor-widget-text-editor\" data-id=\"fb0eae0\" data-element_type=\"widget\" data-widget_type=\"text-editor.default\">\n\t\t\t\t<div class=\"elementor-widget-container\">\n\t\t\t\t\t\t\t<p>SIBU GESTI\u00d3, S.L. (en endavant tamb\u00e9 el prestador) com a responsable del lloc web, posa a disposici\u00f3 dels usuaris el present document que regula l\u2019\u00fas del lloc web WWW.SIBU.CAT,amb el que pretenem donar compliment a les obligacions que disposa la Llei 34\/2002, de Serveis de la Societat de la Informaci\u00f3 i del Comer\u00e7 Electr\u00f2nic (LSSICE o LSSI), aix\u00ed com informar a tots els usuaris del lloc web respecte de quines s\u00f3n les condicions d\u2019\u00fas del lloc web.<\/p>\t\t\t\t\t\t<\/div>\n\t\t\t\t<\/div>\n\t\t\t\t<div class=\"elementor-element elementor-element-5f6edd4 elementor-widget elementor-widget-text-editor\" data-id=\"5f6edd4\" data-element_type=\"widget\" data-widget_type=\"text-editor.default\">\n\t\t\t\t<div class=\"elementor-widget-container\">\n\t\t\t\t\t\t\t<p>A trav\u00e9s de la Web, SIBU GESTI\u00d3, S.L. facilita als usuaris l\u2019acc\u00e9s i la utilitzaci\u00f3 de diferents serveis i continguts posats a disposici\u00f3 a trav\u00e9s de la web.<\/p>\t\t\t\t\t\t<\/div>\n\t\t\t\t<\/div>\n\t\t\t\t<div class=\"elementor-element elementor-element-644b2d6 elementor-widget elementor-widget-text-editor\" data-id=\"644b2d6\" data-element_type=\"widget\" data-widget_type=\"text-editor.default\">\n\t\t\t\t<div class=\"elementor-widget-container\">\n\t\t\t\t\t\t\t<p>Tota persona que accedeixi en aquesta web assumeix el paper d\u2019usuari (en endavant usuari), i implica l\u2019acceptaci\u00f3 total i sense reserves de totes i cadascuna de les disposicions incloses en aquest av\u00eds legal, aix\u00ed com a qualsevol altra disposici\u00f3 legal que sigui d\u2019aplicaci\u00f3.<\/p>\t\t\t\t\t\t<\/div>\n\t\t\t\t<\/div>\n\t\t\t\t<div class=\"elementor-element elementor-element-68d09b3 elementor-widget elementor-widget-text-editor\" data-id=\"68d09b3\" data-element_type=\"widget\" data-widget_type=\"text-editor.default\">\n\t\t\t\t<div class=\"elementor-widget-container\">\n\t\t\t\t\t\t\t<p>Com a usuaris, han de llegir atentament aquest Av\u00eds Legal en qualsevol de les ocasions que entrin a la web, doncs aquesta pot sofrir modificacions ja que el prestador es reserva el dret a modificar qualsevol tipus d\u2019informaci\u00f3 que pugui apar\u00e8ixer en la web, sense que existeixi l\u2019obligaci\u00f3 de preav\u00eds o posar en coneixement dels usuaris aquestes obligacions, sent suficients la publicaci\u00f3 en la p\u00e0gina web del prestador.<\/p>\t\t\t\t\t\t<\/div>\n\t\t\t\t<\/div>\n\t\t\t\t<div class=\"elementor-element elementor-element-98a9ca7 elementor-widget elementor-widget-heading\" data-id=\"98a9ca7\" data-element_type=\"widget\" data-widget_type=\"heading.default\">\n\t\t\t\t<div class=\"elementor-widget-container\">\n\t\t\t<h2 class=\"elementor-heading-title elementor-size-default\">2. CONDICIONS D'ACC\u00c9S I \u00daS DE LA WEB<\/h2>\t\t<\/div>\n\t\t\t\t<\/div>\n\t\t\t\t<div class=\"elementor-element elementor-element-3b6c11f elementor-widget elementor-widget-text-editor\" data-id=\"3b6c11f\" data-element_type=\"widget\" data-widget_type=\"text-editor.default\">\n\t\t\t\t<div class=\"elementor-widget-container\">\n\t\t\t\t\t\t\t<p>2.1. Car\u00e0cter gratu\u00eft de l&#8217;acc\u00e9s i \u00fas de la web<\/p>\t\t\t\t\t\t<\/div>\n\t\t\t\t<\/div>\n\t\t\t\t<div class=\"elementor-element elementor-element-19fc9d7 elementor-widget elementor-widget-text-editor\" data-id=\"19fc9d7\" data-element_type=\"widget\" data-widget_type=\"text-editor.default\">\n\t\t\t\t<div class=\"elementor-widget-container\">\n\t\t\t\t\t\t\t<p>La prestaci\u00f3 dels serveis per part de SIBU GESTI\u00d3, S.L. t\u00e9 car\u00e0cter gratu\u00eft per a tots els usuaris. Malgrat aix\u00f2, alguns dels serveis subministrats pel prestador a trav\u00e9s de la web estan subjectes al pagament d\u2019un preu determinat a les condicions generals de contractaci\u00f3.<\/p>\t\t\t\t\t\t<\/div>\n\t\t\t\t<\/div>\n\t\t\t\t<div class=\"elementor-element elementor-element-7bb08cb elementor-widget elementor-widget-text-editor\" data-id=\"7bb08cb\" data-element_type=\"widget\" data-widget_type=\"text-editor.default\">\n\t\t\t\t<div class=\"elementor-widget-container\">\n\t\t\t\t\t\t\t<p>2.2. Registre d&#8217;Usuaris<\/p>\t\t\t\t\t\t<\/div>\n\t\t\t\t<\/div>\n\t\t\t\t<div class=\"elementor-element elementor-element-3b3b08b elementor-widget elementor-widget-text-editor\" data-id=\"3b3b08b\" data-element_type=\"widget\" data-widget_type=\"text-editor.default\">\n\t\t\t\t<div class=\"elementor-widget-container\">\n\t\t\t\t\t\t\t<p>Amb car\u00e0cter general la prestaci\u00f3 dels serveis no exigeix la pr\u00e8via subscripci\u00f3 o registre dels usuaris. Tot i aix\u00f2, SIBU GESTI\u00d3, S.L. condiciona l\u2019\u00fas d\u2019alguns dels serveis a la pr\u00e8via complementaci\u00f3 del corresponent registre d\u2019usuari. Aquest registre s\u2019efectuar\u00e0 en la forma expressament indicada en la pr\u00f2pia secci\u00f3 del servei.<\/p>\t\t\t\t\t\t<\/div>\n\t\t\t\t<\/div>\n\t\t\t\t<div class=\"elementor-element elementor-element-06942e8 elementor-widget elementor-widget-text-editor\" data-id=\"06942e8\" data-element_type=\"widget\" data-widget_type=\"text-editor.default\">\n\t\t\t\t<div class=\"elementor-widget-container\">\n\t\t\t\t\t\t\t<p>2.3. Veracitat de la informaci\u00f3<\/p>\t\t\t\t\t\t<\/div>\n\t\t\t\t<\/div>\n\t\t\t\t<div class=\"elementor-element elementor-element-f9c9658 elementor-widget elementor-widget-text-editor\" data-id=\"f9c9658\" data-element_type=\"widget\" data-widget_type=\"text-editor.default\">\n\t\t\t\t<div class=\"elementor-widget-container\">\n\t\t\t\t\t\t\t<p>Tota la informaci\u00f3 que facilita l\u2019usuari ha de ser certa. A aquests efectes, l\u2019usuari garanteix l\u2019autenticitat de les dades comunicades a trav\u00e9s dels formularis per a la subscripci\u00f3 dels serveis. Ser\u00e0 responsabilitat de l\u2019usuari mantenir tota la informaci\u00f3 facilitada a SIBU GESTI\u00d3, S.L. permanentment actualitzada de forma que respongui, en cada moment, a la seva situaci\u00f3 real. En tot cas, l\u2019usuari ser\u00e0 l\u2019\u00fanic responsable de les manifestacions falses o inexactes que realitzi i dels perjudicis que causi al prestador o a tercers.<\/p>\t\t\t\t\t\t<\/div>\n\t\t\t\t<\/div>\n\t\t\t\t<div class=\"elementor-element elementor-element-52e4cd9 elementor-widget elementor-widget-text-editor\" data-id=\"52e4cd9\" data-element_type=\"widget\" data-widget_type=\"text-editor.default\">\n\t\t\t\t<div class=\"elementor-widget-container\">\n\t\t\t\t\t\t\t<p>2.4. Menors d&#8217;edat<\/p>\t\t\t\t\t\t<\/div>\n\t\t\t\t<\/div>\n\t\t\t\t<div class=\"elementor-element elementor-element-bd7f2a8 elementor-widget elementor-widget-text-editor\" data-id=\"bd7f2a8\" data-element_type=\"widget\" data-widget_type=\"text-editor.default\">\n\t\t\t\t<div class=\"elementor-widget-container\">\n\t\t\t\t\t\t\t<p>Per l\u2019\u00fas dels serveis, els menors d\u2019edat han d\u2019obtenir sempre pr\u00e8viament el consentiment dels pares, tutors o representants legals, responsables \u00faltims de tots els actes realitzats pels menors al seu c\u00e0rrec. La responsabilitat en la determinaci\u00f3 de continguts concrets, als quals accedeixen els menors correspon a aquells, \u00e9s per aix\u00f2 que si accedeixen a contingut no apropiats per internet, s\u2019hauran d\u2019establir en els seus ordinadors mecanismes, en particular programes inform\u00e0tics, filtres i bloquejos, que permetin limitar els continguts disponibles i, encara que no siguin infal\u00b7libles, s\u00f3n d\u2019especial utilitat per a controlar i restringir els materials als quals poden accedir els menors.<\/p>\t\t\t\t\t\t<\/div>\n\t\t\t\t<\/div>\n\t\t\t\t<div class=\"elementor-element elementor-element-0758040 elementor-widget elementor-widget-text-editor\" data-id=\"0758040\" data-element_type=\"widget\" data-widget_type=\"text-editor.default\">\n\t\t\t\t<div class=\"elementor-widget-container\">\n\t\t\t\t\t\t\t<p>2.5. Obligaci\u00f3 de fer un \u00fas correcte de la Web<\/p>\t\t\t\t\t\t<\/div>\n\t\t\t\t<\/div>\n\t\t\t\t<div class=\"elementor-element elementor-element-a117714 elementor-widget elementor-widget-text-editor\" data-id=\"a117714\" data-element_type=\"widget\" data-widget_type=\"text-editor.default\">\n\t\t\t\t<div class=\"elementor-widget-container\">\n\t\t\t\t\t\t\t<p>L\u2019usuari es compromet a utilitzar la web de conformitat a la Llei i al present Av\u00eds Legal, aix\u00ed com a la moral i a les bones costums. A tal efecte, l\u2019usuari s\u2019abstindr\u00e0 d\u2019utilitzar la p\u00e0gina amb finalitats il\u00b7l\u00edcites o prohibides, lesives de drets i interessos de tercers, o que de qualsevol forma puguin danyar, inutilitzar, sobrecarregar, deteriorar o impedir la normal utilitzaci\u00f3 d\u2019equips inform\u00e0tics o documents, arxius i tota classe de continguts emmagatzemats en qualsevol equip inform\u00e0tic del prestador.<\/p>\t\t\t\t\t\t<\/div>\n\t\t\t\t<\/div>\n\t\t\t\t<div class=\"elementor-element elementor-element-a9699b8 elementor-widget elementor-widget-text-editor\" data-id=\"a9699b8\" data-element_type=\"widget\" data-widget_type=\"text-editor.default\">\n\t\t\t\t<div class=\"elementor-widget-container\">\n\t\t\t\t\t\t\t<p>En particular, i a t\u00edtol indicatiu per\u00f2 no exhaustiu, l\u2019usuari es compromet a no transmetre, difondre o posar a disposici\u00f3 de tercers: informacions, dades, continguts, missatges, gr\u00e0fiques, dibuixos, arxius de so o imatge, fotografies, gravacions, software i, en general, qualsevol classe de material que:<\/p>\t\t\t\t\t\t<\/div>\n\t\t\t\t<\/div>\n\t\t\t\t<div class=\"elementor-element elementor-element-f481556 elementor-icon-list--layout-traditional elementor-list-item-link-full_width elementor-widget elementor-widget-icon-list\" data-id=\"f481556\" data-element_type=\"widget\" data-widget_type=\"icon-list.default\">\n\t\t\t\t<div class=\"elementor-widget-container\">\n\t\t\t\t\t<ul class=\"elementor-icon-list-items\">\n\t\t\t\t\t\t\t<li class=\"elementor-icon-list-item\">\n\t\t\t\t\t\t\t\t\t\t\t<span class=\"elementor-icon-list-icon\">\n\t\t\t\t\t\t\t<i aria-hidden=\"true\" class=\"fas fa-circle\"><\/i>\t\t\t\t\t\t<\/span>\n\t\t\t\t\t\t\t\t\t\t<span class=\"elementor-icon-list-text\">sigui contaria, menyspre\u00ef o atempti contra els drets fonamentals i les llibertats p\u00fabliques reconegudes constitucionalment, en tractats internacionals i altres normes vigents;<\/span>\n\t\t\t\t\t\t\t\t\t<\/li>\n\t\t\t\t\t\t\t\t<li class=\"elementor-icon-list-item\">\n\t\t\t\t\t\t\t\t\t\t\t<span class=\"elementor-icon-list-icon\">\n\t\t\t\t\t\t\t<i aria-hidden=\"true\" class=\"fas fa-circle\"><\/i>\t\t\t\t\t\t<\/span>\n\t\t\t\t\t\t\t\t\t\t<span class=\"elementor-icon-list-text\">indueixi, inciti o promogui actuacions delictives, denigrants, difamat\u00f2ries, violentes o, en general, contr\u00e0ries a la llei, a la moral i a l\u2019ordre p\u00fablic;<\/span>\n\t\t\t\t\t\t\t\t\t<\/li>\n\t\t\t\t\t\t\t\t<li class=\"elementor-icon-list-item\">\n\t\t\t\t\t\t\t\t\t\t\t<span class=\"elementor-icon-list-icon\">\n\t\t\t\t\t\t\t<i aria-hidden=\"true\" class=\"fas fa-circle\"><\/i>\t\t\t\t\t\t<\/span>\n\t\t\t\t\t\t\t\t\t\t<span class=\"elementor-icon-list-text\">indueixi, inciti o promogui actuacions, actituds o pensaments discriminatoris per ra\u00f3 de sexe, ra\u00e7a, religi\u00f3, creences, edat o condici\u00f3;<\/span>\n\t\t\t\t\t\t\t\t\t<\/li>\n\t\t\t\t\t\t\t\t<li class=\"elementor-icon-list-item\">\n\t\t\t\t\t\t\t\t\t\t\t<span class=\"elementor-icon-list-icon\">\n\t\t\t\t\t\t\t<i aria-hidden=\"true\" class=\"fas fa-circle\"><\/i>\t\t\t\t\t\t<\/span>\n\t\t\t\t\t\t\t\t\t\t<span class=\"elementor-icon-list-text\">sigui contrari al dret a l\u2019honor, a la intimitat personal o familiar o a la pr\u00f2pia imatge de les persones;<\/span>\n\t\t\t\t\t\t\t\t\t<\/li>\n\t\t\t\t\t\t\t\t<li class=\"elementor-icon-list-item\">\n\t\t\t\t\t\t\t\t\t\t\t<span class=\"elementor-icon-list-icon\">\n\t\t\t\t\t\t\t<i aria-hidden=\"true\" class=\"fas fa-circle\"><\/i>\t\t\t\t\t\t<\/span>\n\t\t\t\t\t\t\t\t\t\t<span class=\"elementor-icon-list-text\">de qualsevol manera perjudiqui la credibilitat del prestador o de tercers;<\/span>\n\t\t\t\t\t\t\t\t\t<\/li>\n\t\t\t\t\t\t\t\t<li class=\"elementor-icon-list-item\">\n\t\t\t\t\t\t\t\t\t\t\t<span class=\"elementor-icon-list-icon\">\n\t\t\t\t\t\t\t<i aria-hidden=\"true\" class=\"fas fa-circle\"><\/i>\t\t\t\t\t\t<\/span>\n\t\t\t\t\t\t\t\t\t\t<span class=\"elementor-icon-list-text\">constitueixi publicitat il\u00b7l\u00edcita, enganyosa o deslleial.<\/span>\n\t\t\t\t\t\t\t\t\t<\/li>\n\t\t\t\t\t\t<\/ul>\n\t\t\t\t<\/div>\n\t\t\t\t<\/div>\n\t\t\t\t<div class=\"elementor-element elementor-element-4c721e0 elementor-widget elementor-widget-heading\" data-id=\"4c721e0\" data-element_type=\"widget\" data-widget_type=\"heading.default\">\n\t\t\t\t<div class=\"elementor-widget-container\">\n\t\t\t<h2 class=\"elementor-heading-title elementor-size-default\">3. EXCLUSI\u00d3 DE GARANTIES I RESPONSABILITAT<\/h2>\t\t<\/div>\n\t\t\t\t<\/div>\n\t\t\t\t<div class=\"elementor-element elementor-element-7e55a98 elementor-widget elementor-widget-text-editor\" data-id=\"7e55a98\" data-element_type=\"widget\" data-widget_type=\"text-editor.default\">\n\t\t\t\t<div class=\"elementor-widget-container\">\n\t\t\t\t\t\t\t<p>El prestador s\u2019eximeix de qualsevol tipus de responsabilitat derivada de la informaci\u00f3 publicada en el nostre lloc web, sempre que aquesta informaci\u00f3 hagi sigut manipulada o introdu\u00efda per un tercer ali\u00e8.<\/p>\t\t\t\t\t\t<\/div>\n\t\t\t\t<\/div>\n\t\t\t\t<div class=\"elementor-element elementor-element-3b83006 elementor-widget elementor-widget-text-editor\" data-id=\"3b83006\" data-element_type=\"widget\" data-widget_type=\"text-editor.default\">\n\t\t\t\t<div class=\"elementor-widget-container\">\n\t\t\t\t\t\t\t<p>Aquesta web ha estat revisada i provada perqu\u00e8 funcioni correctament. En principi, es pot garantir el correcte funcionament els 365 dies de l\u2019any, 24 hores al dia. No obstant, el prestador no descarta la possibilitat que existeixin determinats errors de programaci\u00f3, o que succeeixin causes de for\u00e7a major, cat\u00e0strofes naturals, vagues, o circumst\u00e0ncies semblants que facin impossible l\u2019acc\u00e9s a la p\u00e0gina web<\/p>\t\t\t\t\t\t<\/div>\n\t\t\t\t<\/div>\n\t\t\t\t<div class=\"elementor-element elementor-element-3865a73 elementor-widget elementor-widget-text-editor\" data-id=\"3865a73\" data-element_type=\"widget\" data-widget_type=\"text-editor.default\">\n\t\t\t\t<div class=\"elementor-widget-container\">\n\t\t\t\t\t\t\t<p>SIBU GESTI\u00d3, S.L. no atorga cap garantia ni es fa responsable, en cap cas, dels danys i perjudicis de qualsevol naturalesa que poguessin sortir a col\u00b7laci\u00f3 de la falta de disponibilitat, manteniment i efectiu funcionament de la web o dels seus serveis i continguts; de l\u2019exist\u00e8ncia de virus, programes maliciosos o lesius dels continguts; de l\u2019\u00fas il\u00b7l\u00edcit, negligent, fraudulent o contrari a aquest Av\u00eds Legal i condicions d\u2019\u00fas; o de la falta de licitud, qualitat, fiabilitat, utilitat i disponibilitat dels serveis prestats per tercers a disposici\u00f3 dels usuaris del nostre lloc web.<\/p>\t\t\t\t\t\t<\/div>\n\t\t\t\t<\/div>\n\t\t\t\t<div class=\"elementor-element elementor-element-fe5e567 elementor-widget elementor-widget-text-editor\" data-id=\"fe5e567\" data-element_type=\"widget\" data-widget_type=\"text-editor.default\">\n\t\t\t\t<div class=\"elementor-widget-container\">\n\t\t\t\t\t\t\t<p>El prestador no es fa responsable de cap manera dels danys que puguin dimanar de l\u2019\u00fas il\u00b7legal o indegut de la present p\u00e0gina web.<\/p>\t\t\t\t\t\t<\/div>\n\t\t\t\t<\/div>\n\t\t\t\t<div class=\"elementor-element elementor-element-7af5212 elementor-widget elementor-widget-heading\" data-id=\"7af5212\" data-element_type=\"widget\" data-widget_type=\"heading.default\">\n\t\t\t\t<div class=\"elementor-widget-container\">\n\t\t\t<h2 class=\"elementor-heading-title elementor-size-default\">4. COOKIES<\/h2>\t\t<\/div>\n\t\t\t\t<\/div>\n\t\t\t\t<div class=\"elementor-element elementor-element-f822c8e elementor-widget elementor-widget-text-editor\" data-id=\"f822c8e\" data-element_type=\"widget\" data-widget_type=\"text-editor.default\">\n\t\t\t\t<div class=\"elementor-widget-container\">\n\t\t\t\t\t\t\t<p>El lloc web del prestador pot utilitzar cookies (petits arxius d\u2019informaci\u00f3 que el servidor envia a l\u2019ordinador de qui accedeix a la p\u00e0gina) per portar a terme determinades funcions que s\u00f3n considerades imprescindibles pel bon funcionament i visualitzaci\u00f3 del lloc. Les cookies utilitzades tenen, en tot cas, car\u00e0cter temporal, amb l&#8217;\u00fanica finalitat de fer m\u00e9s efica\u00e7 la navegaci\u00f3, i desapareixen a l\u2019acabar la sessi\u00f3 de l\u2019usuari. En cap cas s\u2019utilitzaran les cookies per a recollir informaci\u00f3 de car\u00e0cter personal. Per a m\u00e9s informaci\u00f3, veure la nostra Pol\u00edtica de Cookies.<\/p>\t\t\t\t\t\t<\/div>\n\t\t\t\t<\/div>\n\t\t\t\t<div class=\"elementor-element elementor-element-edbe533 elementor-widget elementor-widget-heading\" data-id=\"edbe533\" data-element_type=\"widget\" data-widget_type=\"heading.default\">\n\t\t\t\t<div class=\"elementor-widget-container\">\n\t\t\t<h2 class=\"elementor-heading-title elementor-size-default\">5. ENLLA\u00c7OS (LINKS)<\/h2>\t\t<\/div>\n\t\t\t\t<\/div>\n\t\t\t\t<div class=\"elementor-element elementor-element-f83d1f8 elementor-widget elementor-widget-text-editor\" data-id=\"f83d1f8\" data-element_type=\"widget\" data-widget_type=\"text-editor.default\">\n\t\t\t\t<div class=\"elementor-widget-container\">\n\t\t\t\t\t\t\t<p>Des del lloc web \u00e9s possible que es redirigeixi a continguts patrocinats, anuncis i \/ o enlla\u00e7os d&#8217;afiliats i \/ o de terceres webs. Entre els enlla\u00e7os facilitats, hi ha la possibilitat d&#8217;informar o fer refer\u00e8ncia a productes i \/ o serveis de tercers. At\u00e8s que des de la web no podem controlar els continguts introdu\u00efts pels tercers, SIBU GESTI\u00d3, S.L. no assumeix cap tipus de responsabilitat respecte a aquests continguts, ni garanteix l&#8217;experi\u00e8ncia, integritat o qualitat dels seus productes. En tot cas, el prestador manifesta que procedir\u00e0 a la retirada immediata de qualsevol contingut que pogu\u00e9s contravenir la legislaci\u00f3 nacional o internacional, la moral o l&#8217;ordre p\u00fablic, procedint a la retirada immediata de la re-direcci\u00f3 a aquestes webs, posant en coneixement de les autoritats competents el contingut en qu\u0308esti\u00f3<\/p>\t\t\t\t\t\t<\/div>\n\t\t\t\t<\/div>\n\t\t\t\t<div class=\"elementor-element elementor-element-0145eb5 elementor-widget elementor-widget-text-editor\" data-id=\"0145eb5\" data-element_type=\"widget\" data-widget_type=\"text-editor.default\">\n\t\t\t\t<div class=\"elementor-widget-container\">\n\t\t\t\t\t\t\t<p>SIBU GESTI\u00d3, S.L. tindr\u00e0 publicats aquests enlla\u00e7os fins que siguin eliminats o suspesos pel prestador o per l&#8217;anunciant, i no ser\u00e0 responsable encara que aquests anuncis puguin ser indexats per altres cercadors aliens a aquest web.<\/p>\t\t\t\t\t\t<\/div>\n\t\t\t\t<\/div>\n\t\t\t\t<div class=\"elementor-element elementor-element-520efc9 elementor-widget elementor-widget-text-editor\" data-id=\"520efc9\" data-element_type=\"widget\" data-widget_type=\"text-editor.default\">\n\t\t\t\t<div class=\"elementor-widget-container\">\n\t\t\t\t\t\t\t<p>El prestador no es responsabilitza de la informaci\u00f3 i continguts emmagatzemats, a t\u00edtol enunciatiu per\u00f2 no limitant, en f\u00f2rums, xats, generadors de blogs, comentaris, xarxes socials o qualsevol altre mitj\u00e0 que permeti a tercers publicar continguts de forma independent a la p\u00e0gina web del prestador. No obstant aix\u00f2 i en compliment del que disposa l&#8217;art. 11 i 16 de la LSSICE, el prestador es posa a disposici\u00f3 de tots els usuaris, autoritats i forces de seguretat, i col\u00b7laborant de forma activa en la retirada o, quan sigui necessari, el bloqueig de tots aquells continguts que puguin afectar o contravenir la legislaci\u00f3 nacional, o internacional, drets de tercers o la moral i l&#8217;ordre p\u00fablic. En cas que l&#8217;usuari consideri que pot existir algun contingut que pogu\u00e9s ser susceptible d&#8217;aquesta classificaci\u00f3, es prega ho faci saber de forma immediata a l&#8217;administrador del lloc web.<\/p>\t\t\t\t\t\t<\/div>\n\t\t\t\t<\/div>\n\t\t\t\t<div class=\"elementor-element elementor-element-736fc3a elementor-widget elementor-widget-text-editor\" data-id=\"736fc3a\" data-element_type=\"widget\" data-widget_type=\"text-editor.default\">\n\t\t\t\t<div class=\"elementor-widget-container\">\n\t\t\t\t\t\t\t<p>Tanmateix, SIBU GESTI\u00d3, S.L. l&#8217;informa que qualsevol relaci\u00f3 contractual o extracontractual que l&#8217;usuari formalitzi amb aquests tercers, afiliats o anunciants mitjan\u00e7ant el link proporcionat per aquest web, ser\u00e0 v\u00e0lid \u00fanicament i exclusivament entre l&#8217;usuari i l&#8217;anunciant i \/ o tercera persona i SIBU GESTI\u00d3, S.L. no tindr\u00e0 cap tipus de responsabilitat sobre els danys o perjudicis que poguessin ser ocasionats per la prestaci\u00f3 de serveis i \/ o relacions contractuals o extracontractuals dutes a terme entre l&#8217;usuari i els anunciants o tercers contactades a trav\u00e9s d&#8217;aquest portal ja que el prestador nom\u00e9s actua com a intermediari o mitj\u00e0 publicitari.<\/p>\t\t\t\t\t\t<\/div>\n\t\t\t\t<\/div>\n\t\t\t\t<div class=\"elementor-element elementor-element-2837e54 elementor-widget elementor-widget-heading\" data-id=\"2837e54\" data-element_type=\"widget\" data-widget_type=\"heading.default\">\n\t\t\t\t<div class=\"elementor-widget-container\">\n\t\t\t<h2 class=\"elementor-heading-title elementor-size-default\">6. PROTECCI\u00d3 DE DADES PERSONALS<\/h2>\t\t<\/div>\n\t\t\t\t<\/div>\n\t\t\t\t<div class=\"elementor-element elementor-element-45f0008 elementor-widget elementor-widget-text-editor\" data-id=\"45f0008\" data-element_type=\"widget\" data-widget_type=\"text-editor.default\">\n\t\t\t\t<div class=\"elementor-widget-container\">\n\t\t\t\t\t\t\t<p>El prestador est\u00e0 profundament comprom\u00e8s amb el compliment de la normativa de protecci\u00f3 de dades personals i garanteix el compliment \u00edntegre de les obligacions disposades, aix\u00ed com la implementaci\u00f3 de les mesures de seguretat disposades al Reglament Europeu de Protecci\u00f3 de Dades i la normativa espanyola de protecci\u00f3 de dades. Per a m\u00e9s informaci\u00f3, veure la nostra Pol\u00edtica de Privacitat.<\/p>\t\t\t\t\t\t<\/div>\n\t\t\t\t<\/div>\n\t\t\t\t<div class=\"elementor-element elementor-element-f3ffc2f elementor-widget elementor-widget-heading\" data-id=\"f3ffc2f\" data-element_type=\"widget\" data-widget_type=\"heading.default\">\n\t\t\t\t<div class=\"elementor-widget-container\">\n\t\t\t<h2 class=\"elementor-heading-title elementor-size-default\">7. PROPIETAT INTEL\u00b7LECTUAL I INDUSTRIAL<\/h2>\t\t<\/div>\n\t\t\t\t<\/div>\n\t\t\t\t<div class=\"elementor-element elementor-element-c8e63ce elementor-widget elementor-widget-text-editor\" data-id=\"c8e63ce\" data-element_type=\"widget\" data-widget_type=\"text-editor.default\">\n\t\t\t\t<div class=\"elementor-widget-container\">\n\t\t\t\t\t\t\t<p>El lloc web, incl\u00f2s a t\u00edtol enunciatiu per\u00f2 no limitatiu la programaci\u00f3, edici\u00f3, compilaci\u00f3 i altres elements necessaris pel seu funcionament, els dissenys, logotips, textos, fotografies i\/o gr\u00e0fiques s\u00f3n propietat del prestador o, en cas que fos necessari, disposa de la llic\u00e8ncia o autoritzaci\u00f3 expressa per part dels autors. Tots els continguts del lloc web es troben degudament protegits per la normativa de propietat intel\u00b7lectual i industrial.<\/p>\t\t\t\t\t\t<\/div>\n\t\t\t\t<\/div>\n\t\t\t\t<div class=\"elementor-element elementor-element-8bb50d7 elementor-widget elementor-widget-text-editor\" data-id=\"8bb50d7\" data-element_type=\"widget\" data-widget_type=\"text-editor.default\">\n\t\t\t\t<div class=\"elementor-widget-container\">\n\t\t\t\t\t\t\t<p>Independentment de la finalitat per la qual van ser destinats, la reproducci\u00f3 total o parcial, \u00fas, distribuci\u00f3 i comunicaci\u00f3 p\u00fablica requereixen l\u2019autoritzaci\u00f3 escrita pr\u00e8via per part del prestador. Qualsevol \u00fas no autoritzat pr\u00e8viament per part del prestador ser\u00e0 considerat un incompliment greu dels drets de propietat intel\u00b7lectual o industrial de l\u2019autor.<\/p>\t\t\t\t\t\t<\/div>\n\t\t\t\t<\/div>\n\t\t\t\t<div class=\"elementor-element elementor-element-dcb6ff3 elementor-widget elementor-widget-text-editor\" data-id=\"dcb6ff3\" data-element_type=\"widget\" data-widget_type=\"text-editor.default\">\n\t\t\t\t<div class=\"elementor-widget-container\">\n\t\t\t\t\t\t\t<p>Els dissenys, logotips, textos i\/o gr\u00e0fiques alienes al prestador i que puguin apar\u00e8ixer en el lloc web, pertanyen als seus respectius propietaris, sent ells mateixos els responsables de qualsevol possible controv\u00e8rsia que pugui apar\u00e8ixer respecte als mateixos. En tot cas, el prestador compta amb l\u2019autoritzaci\u00f3 expressa i pr\u00e8via per part dels mateixos.<\/p>\t\t\t\t\t\t<\/div>\n\t\t\t\t<\/div>\n\t\t\t\t<div class=\"elementor-element elementor-element-1448608 elementor-widget elementor-widget-text-editor\" data-id=\"1448608\" data-element_type=\"widget\" data-widget_type=\"text-editor.default\">\n\t\t\t\t<div class=\"elementor-widget-container\">\n\t\t\t\t\t\t\t<p>El prestador reconeix a favor dels seus titulars els corresponents drets de propietat industrial i intel\u00b7lectual, no implicant la menci\u00f3 o aparici\u00f3 en el lloc web, de l\u2019exist\u00e8ncia de drets o cap responsabilitat del prestador sobre els mateixos, com tampoc recolzament, patrocini o recomanaci\u00f3 per part del mateix.<\/p>\t\t\t\t\t\t<\/div>\n\t\t\t\t<\/div>\n\t\t\t\t<div class=\"elementor-element elementor-element-6fd6514 elementor-widget elementor-widget-text-editor\" data-id=\"6fd6514\" data-element_type=\"widget\" data-widget_type=\"text-editor.default\">\n\t\t\t\t<div class=\"elementor-widget-container\">\n\t\t\t\t\t\t\t<p>Per a realitzar qualsevol tipus d\u2019observaci\u00f3 respecte a possibles incompliments dels drets de propietat intel\u00b7lectual o industrial, aix\u00ed com sobre qualsevol dels continguts del lloc web, pot fer-ho a trav\u00e9s del correu electr\u00f2nic a dalt informat.<\/p>\t\t\t\t\t\t<\/div>\n\t\t\t\t<\/div>\n\t\t\t\t<div class=\"elementor-element elementor-element-9b469fd elementor-widget elementor-widget-heading\" data-id=\"9b469fd\" data-element_type=\"widget\" data-widget_type=\"heading.default\">\n\t\t\t\t<div class=\"elementor-widget-container\">\n\t\t\t<h2 class=\"elementor-heading-title elementor-size-default\">8. LLEI APLICABLE I JURISDICCI\u00d3<\/h2>\t\t<\/div>\n\t\t\t\t<\/div>\n\t\t\t\t<div class=\"elementor-element elementor-element-8d50f81 elementor-widget elementor-widget-text-editor\" data-id=\"8d50f81\" data-element_type=\"widget\" data-widget_type=\"text-editor.default\">\n\t\t\t\t<div class=\"elementor-widget-container\">\n\t\t\t\t\t\t\t<p>Per a la resoluci\u00f3 de les controv\u00e8rsies o qu\u0308estions relacionades amb la present p\u00e0gina web o de les activitats en aquesta desenvolupades, ser\u00e0 d\u2019aplicaci\u00f3 la legislaci\u00f3 espanyola, a la que es sotmeten expressament les parts, sent competents per a la resoluci\u00f3 de tots els conflictes derivats o relacionats amb el seu \u00fas els Jutjats i Tribunals de Barcelona.<\/p>\t\t\t\t\t\t<\/div>\n\t\t\t\t<\/div>\n\t\t\t\t\t<\/div>\n\t\t<\/div>\n\t\t\t\t\t<\/div>\n\t\t<\/section>\n\t\t\t\t<\/div>\n\t\t","protected":false},"excerpt":{"rendered":"<p>AV\u00cdS LEGAL Amb la finalitat d&#8217;acomplir a l\u2019article 10 de la Llei 34\/2002 de Serveis de la Societat de la Informaci\u00f3 i del Comer\u00e7 Electr\u00f2nic, informem els usuaris de les nostres dades: Denominaci\u00f3 Social: SIBU GESTI\u00d3, S.L. Denominaci\u00f3 Social: SIBU GESTI\u00d3, S.L. NIF: B67013789 Tel\u00e8fon: 686 48 58 26 E-Mail: INFO@SIBU.CAT Lloc Web: WWW.SIBU.CAT Dades [&hellip;]<\/p>\n","protected":false},"author":1,"featured_media":0,"parent":0,"menu_order":0,"comment_status":"closed","ping_status":"closed","template":"","meta":{"footnotes":""},"class_list":["post-1505","page","type-page","status-publish","hentry"],"yoast_head":"<!-- This site is optimized with the Yoast SEO plugin v23.8 - https:\/\/yoast.com\/wordpress\/plugins\/seo\/ -->\n<title>Av\u00eds legal - Sibu<\/title>\n<meta name=\"robots\" content=\"index, follow, max-snippet:-1, max-image-preview:large, max-video-preview:-1\" \/>\n<link rel=\"canonical\" href=\"https:\/\/sibu.cat\/index.php\/avis-legal\/\" \/>\n<meta property=\"og:locale\" content=\"ca_ES\" \/>\n<meta property=\"og:type\" content=\"article\" \/>\n<meta property=\"og:title\" content=\"Av\u00eds legal - Sibu\" \/>\n<meta property=\"og:description\" content=\"AV\u00cdS LEGAL Amb la finalitat d&#8217;acomplir a l\u2019article 10 de la Llei 34\/2002 de Serveis de la Societat de la Informaci\u00f3 i del Comer\u00e7 Electr\u00f2nic, informem els usuaris de les nostres dades: Denominaci\u00f3 Social: SIBU GESTI\u00d3, S.L. Denominaci\u00f3 Social: SIBU GESTI\u00d3, S.L. NIF: B67013789 Tel\u00e8fon: 686 48 58 26 E-Mail: INFO@SIBU.CAT Lloc Web: WWW.SIBU.CAT Dades [&hellip;]\" \/>\n<meta property=\"og:url\" content=\"https:\/\/sibu.cat\/index.php\/avis-legal\/\" \/>\n<meta property=\"og:site_name\" content=\"Sibu\" \/>\n<meta property=\"article:modified_time\" content=\"2024-05-02T13:55:26+00:00\" \/>\n<meta name=\"twitter:card\" content=\"summary_large_image\" \/>\n<meta name=\"twitter:label1\" content=\"Temps estimat de lectura\" \/>\n\t<meta name=\"twitter:data1\" content=\"10 minuts\" \/>\n<script type=\"application\/ld+json\" class=\"yoast-schema-graph\">{\"@context\":\"https:\/\/schema.org\",\"@graph\":[{\"@type\":\"WebPage\",\"@id\":\"https:\/\/sibu.cat\/index.php\/avis-legal\/\",\"url\":\"https:\/\/sibu.cat\/index.php\/avis-legal\/\",\"name\":\"Av\u00eds legal - Sibu\",\"isPartOf\":{\"@id\":\"https:\/\/sibu.cat\/#website\"},\"datePublished\":\"2024-05-02T13:42:10+00:00\",\"dateModified\":\"2024-05-02T13:55:26+00:00\",\"breadcrumb\":{\"@id\":\"https:\/\/sibu.cat\/index.php\/avis-legal\/#breadcrumb\"},\"inLanguage\":\"ca\",\"potentialAction\":[{\"@type\":\"ReadAction\",\"target\":[\"https:\/\/sibu.cat\/index.php\/avis-legal\/\"]}]},{\"@type\":\"BreadcrumbList\",\"@id\":\"https:\/\/sibu.cat\/index.php\/avis-legal\/#breadcrumb\",\"itemListElement\":[{\"@type\":\"ListItem\",\"position\":1,\"name\":\"Inici\",\"item\":\"https:\/\/sibu.cat\/\"},{\"@type\":\"ListItem\",\"position\":2,\"name\":\"Av\u00eds legal\"}]},{\"@type\":\"WebSite\",\"@id\":\"https:\/\/sibu.cat\/#website\",\"url\":\"https:\/\/sibu.cat\/\",\"name\":\"Sibu\",\"description\":\"\",\"publisher\":{\"@id\":\"https:\/\/sibu.cat\/#organization\"},\"potentialAction\":[{\"@type\":\"SearchAction\",\"target\":{\"@type\":\"EntryPoint\",\"urlTemplate\":\"https:\/\/sibu.cat\/?s={search_term_string}\"},\"query-input\":{\"@type\":\"PropertyValueSpecification\",\"valueRequired\":true,\"valueName\":\"search_term_string\"}}],\"inLanguage\":\"ca\"},{\"@type\":\"Organization\",\"@id\":\"https:\/\/sibu.cat\/#organization\",\"name\":\"Sibu\",\"url\":\"https:\/\/sibu.cat\/\",\"logo\":{\"@type\":\"ImageObject\",\"inLanguage\":\"ca\",\"@id\":\"https:\/\/sibu.cat\/#\/schema\/logo\/image\/\",\"url\":\"https:\/\/sibu.cat\/wp-content\/uploads\/2023\/07\/logo-sibu-ok-02.svg\",\"contentUrl\":\"https:\/\/sibu.cat\/wp-content\/uploads\/2023\/07\/logo-sibu-ok-02.svg\",\"width\":287,\"height\":22,\"caption\":\"Sibu\"},\"image\":{\"@id\":\"https:\/\/sibu.cat\/#\/schema\/logo\/image\/\"}}]}<\/script>\n<!-- \/ Yoast SEO plugin. -->","yoast_head_json":{"title":"Av\u00eds legal - Sibu","robots":{"index":"index","follow":"follow","max-snippet":"max-snippet:-1","max-image-preview":"max-image-preview:large","max-video-preview":"max-video-preview:-1"},"canonical":"https:\/\/sibu.cat\/index.php\/avis-legal\/","og_locale":"ca_ES","og_type":"article","og_title":"Av\u00eds legal - Sibu","og_description":"AV\u00cdS LEGAL Amb la finalitat d&#8217;acomplir a l\u2019article 10 de la Llei 34\/2002 de Serveis de la Societat de la Informaci\u00f3 i del Comer\u00e7 Electr\u00f2nic, informem els usuaris de les nostres dades: Denominaci\u00f3 Social: SIBU GESTI\u00d3, S.L. Denominaci\u00f3 Social: SIBU GESTI\u00d3, S.L. NIF: B67013789 Tel\u00e8fon: 686 48 58 26 E-Mail: INFO@SIBU.CAT Lloc Web: WWW.SIBU.CAT Dades [&hellip;]","og_url":"https:\/\/sibu.cat\/index.php\/avis-legal\/","og_site_name":"Sibu","article_modified_time":"2024-05-02T13:55:26+00:00","twitter_card":"summary_large_image","twitter_misc":{"Temps estimat de lectura":"10 minuts"},"schema":{"@context":"https:\/\/schema.org","@graph":[{"@type":"WebPage","@id":"https:\/\/sibu.cat\/index.php\/avis-legal\/","url":"https:\/\/sibu.cat\/index.php\/avis-legal\/","name":"Av\u00eds legal - Sibu","isPartOf":{"@id":"https:\/\/sibu.cat\/#website"},"datePublished":"2024-05-02T13:42:10+00:00","dateModified":"2024-05-02T13:55:26+00:00","breadcrumb":{"@id":"https:\/\/sibu.cat\/index.php\/avis-legal\/#breadcrumb"},"inLanguage":"ca","potentialAction":[{"@type":"ReadAction","target":["https:\/\/sibu.cat\/index.php\/avis-legal\/"]}]},{"@type":"BreadcrumbList","@id":"https:\/\/sibu.cat\/index.php\/avis-legal\/#breadcrumb","itemListElement":[{"@type":"ListItem","position":1,"name":"Inici","item":"https:\/\/sibu.cat\/"},{"@type":"ListItem","position":2,"name":"Av\u00eds legal"}]},{"@type":"WebSite","@id":"https:\/\/sibu.cat\/#website","url":"https:\/\/sibu.cat\/","name":"Sibu","description":"","publisher":{"@id":"https:\/\/sibu.cat\/#organization"},"potentialAction":[{"@type":"SearchAction","target":{"@type":"EntryPoint","urlTemplate":"https:\/\/sibu.cat\/?s={search_term_string}"},"query-input":{"@type":"PropertyValueSpecification","valueRequired":true,"valueName":"search_term_string"}}],"inLanguage":"ca"},{"@type":"Organization","@id":"https:\/\/sibu.cat\/#organization","name":"Sibu","url":"https:\/\/sibu.cat\/","logo":{"@type":"ImageObject","inLanguage":"ca","@id":"https:\/\/sibu.cat\/#\/schema\/logo\/image\/","url":"https:\/\/sibu.cat\/wp-content\/uploads\/2023\/07\/logo-sibu-ok-02.svg","contentUrl":"https:\/\/sibu.cat\/wp-content\/uploads\/2023\/07\/logo-sibu-ok-02.svg","width":287,"height":22,"caption":"Sibu"},"image":{"@id":"https:\/\/sibu.cat\/#\/schema\/logo\/image\/"}}]}},"_links":{"self":[{"href":"https:\/\/sibu.cat\/index.php\/wp-json\/wp\/v2\/pages\/1505","targetHints":{"allow":["GET"]}}],"collection":[{"href":"https:\/\/sibu.cat\/index.php\/wp-json\/wp\/v2\/pages"}],"about":[{"href":"https:\/\/sibu.cat\/index.php\/wp-json\/wp\/v2\/types\/page"}],"author":[{"embeddable":true,"href":"https:\/\/sibu.cat\/index.php\/wp-json\/wp\/v2\/users\/1"}],"replies":[{"embeddable":true,"href":"https:\/\/sibu.cat\/index.php\/wp-json\/wp\/v2\/comments?post=1505"}],"version-history":[{"count":19,"href":"https:\/\/sibu.cat\/index.php\/wp-json\/wp\/v2\/pages\/1505\/revisions"}],"predecessor-version":[{"id":1529,"href":"https:\/\/sibu.cat\/index.php\/wp-json\/wp\/v2\/pages\/1505\/revisions\/1529"}],"wp:attachment":[{"href":"https:\/\/sibu.cat\/index.php\/wp-json\/wp\/v2\/media?parent=1505"}],"curies":[{"name":"wp","href":"https:\/\/api.w.org\/{rel}","templated":true}]}}